{"id":728,"date":"2012-03-16T16:22:45","date_gmt":"2012-03-16T14:22:45","guid":{"rendered":"https:\/\/finzipasca.com\/?page_id=728"},"modified":"2020-03-11T16:27:09","modified_gmt":"2020-03-11T15:27:09","slug":"julie-hamelin","status":"publish","type":"page","link":"https:\/\/finzipasca.com\/fr\/compagnie\/equipe\/julie-hamelin\/","title":{"rendered":"Julie Hamelin Finzi"},"content":{"rendered":"<div class=\"wpb-content-wrapper\"><p>[vc_row][vc_column]<div class=\"video-embed  wpb_content_element\"><iframe loading=\"lazy\" title=\"Julie\" src=\"https:\/\/player.vimeo.com\/video\/166712908?dnt=1&amp;app_id=122963\" width=\"1161\" height=\"653\" frameborder=\"0\" allow=\"autoplay; fullscreen; picture-in-picture; clipboard-write; encrypted-media; web-share\" referrerpolicy=\"strict-origin-when-cross-origin\"><\/iframe><\/div>[vc_column_text]<\/p>\n<h3>Julie Hamelin Finzi, Co-founder of Compagnia Finzi Pasca\u00a0(Montr\u00e9al, Canada 1972 \u2013 Lugano, Suisse 2016)<\/h3>\n<p>Conceptrice, auteure, directrice de cr\u00e9ation, productrice et d\u00e9veloppement international<\/p>\n<hr \/>\n<p>Ch\u00e8res amies, chers amis,<\/p>\n<p>C\u2019est avec une immense tristesse que nous vous faisons part du d\u00e9part de notre ch\u00e8re Julie le matin du 14 mai \u00e0 Lugano.<br \/>\nNous tenons \u00e0 vous remercier tous pour vos pri\u00e8res et vos v\u0153ux de r\u00e9tablissement, votre appui et tout l\u2019amour manifest\u00e9 \u00e0 elle et \u00e0 Daniele toujours mais plus pr\u00e9cis\u00e9ment pendant cette derni\u00e8re ann\u00e9e. Toute cette belle \u00e9nergie accompagne notre ch\u00e8re Julie dans son voyage et remplit le coeur de Daniele.<\/p>\n<p style=\"text-align: center;\"><img loading=\"lazy\" decoding=\"async\" class=\"alignnone size-medium wp-image-11638\" src=\"https:\/\/finzipasca.com\/wp-content\/uploads\/2016\/05\/julie1-300x300.png\" alt=\"julie1\" width=\"300\" height=\"300\" srcset=\"https:\/\/finzipasca.com\/wp-content\/uploads\/2016\/05\/julie1-300x300.png 300w, https:\/\/finzipasca.com\/wp-content\/uploads\/2016\/05\/julie1-100x100.png 100w, https:\/\/finzipasca.com\/wp-content\/uploads\/2016\/05\/julie1-600x601.png 600w, https:\/\/finzipasca.com\/wp-content\/uploads\/2016\/05\/julie1-768x769.png 768w, https:\/\/finzipasca.com\/wp-content\/uploads\/2016\/05\/julie1-80x80.png 80w, https:\/\/finzipasca.com\/wp-content\/uploads\/2016\/05\/julie1-500x500.png 500w, https:\/\/finzipasca.com\/wp-content\/uploads\/2016\/05\/julie1.png 993w\" sizes=\"auto, (max-width: 300px) 100vw, 300px\" \/><\/p>\n<hr \/>\n<p><img loading=\"lazy\" decoding=\"async\" class=\" wp-image-10771 size-full alignleft\" title=\"Julie Hamelin Finzi\" src=\"https:\/\/finzipasca.com\/wp-content\/uploads\/2012\/10\/Julie.png\" alt=\"\" width=\"142\" height=\"191\" \/><\/p>\n<p>Julie Hamelin Finzi a cumul\u00e9 plus de 20 ans d\u2019exp\u00e9rience dans le monde du cirque contemporain et des arts de la sc\u00e8ne. \u00c0 l\u2019\u00e2ge de 21 ans, elle est cofondatrice du Cirque \u00c9loize (compagnie phare du nouveau cirque \u00e9tablie \u00e0 Montr\u00e9al, au Canada), tout en achevant de pr\u00e9senter plusieurs de ses productions sur les plus grandes sc\u00e8nes du monde. En 2001, elle fait la rencontre de Daniele Finzi Pasca et ceci marque le d\u00e9but d\u2019une longue et intense collaboration personnelle et artistique. En 2006, elle fait partie du groupe de mise en sc\u00e8ne pour la conception de la <em>C\u00e9r\u00e9monie de cl\u00f4ture\u00a0<\/em>des Jeux Olympiques de Turin. En 2009, Julie et Daniele fondent Inlevitas, compagnie cr\u00e9\u00e9e pour donner vie \u00e0 des nouveaux projets artistiques incluants des projets d\u2019op\u00e9ra, de th\u00e9\u00e2tre acrobatique et de documentaires (premier projet\u00a0: l\u2019op\u00e9ra <em>L\u2019Amour de Loin<\/em>, pour l\u2019English National Opera de Londres, 2009). En 2009-2010 Julie est associ\u00e9e \u00e0 la cr\u00e9ation pour <em>Donka<\/em><em>. Une lettre\u00e0 Tchekhov<\/em>, une productionde la Compagnia Finzi Pasca et du Festival international de th\u00e9\u00e2tre Tchekhov en coproduction avec le Th\u00e9\u00e2tre Vidy-Lausanne, cr\u00e9e pour le 150\u00e8me anniversaire de naissance de l\u2019\u00e9crivain Anton Tchekhov. En parall\u00e8le, elle travaille au projet d\u2019un film \u00e9crit par Daniele, <em>Piazza San Michele. <\/em><\/p>\n<p>En 2011, avec Antonio Vergamini, Daniele Finzi Pasca, Hugo Gargiulo et Maria Bonzanigo, elle est co-fondatrice de la Compagnia Finzi Pasca, une nouvelle structure qui unit les destins du Teatro Sunil et d\u2019Inlevitas. Cette m\u00eame ann\u00e9e elle associ\u00e9e \u00e0 la cr\u00e9ation pour l\u2019op\u00e9ra\u00a0<em>Aida\u00a0<\/em>de Giuseppe Verdi, une production du Mariinsky Theatre \u00e0 St-P\u00e9tersbourg (Russie) et pour <em>Pagliacci\u00a0<\/em>de Ruggero Leoncavallo, une production du Th\u00e9\u00e2tre San Carlo (Italie), pr\u00e9sent\u00e9e au Mariinsky l\u2019ann\u00e9e suivante. Pour <em>La Verit\u00e0\u00a0<\/em>(2013) Julie est co-auteure, conceptrice, directrice de cr\u00e9ation, productrice en plus de s\u2019occuper du d\u00e9veloppement international. En 2013-2014, elle est co-directrice artistique de la <em>C\u00e9r\u00e9monie de cl\u00f4ture\u00a0<\/em>des Jeux Olympiques et de la <em>C\u00e9r\u00e9monie d&rsquo;ouverture\u00a0<\/em>des Jeux Paralympiques de Sochi (Russie). En 2014, elle est directrice de cr\u00e9ation et productrice de <em>Bianco su Bianco\u00a0<\/em>et commence \u00e0 travailler au spectacle pour la <em>F\u00eate des Vignerons\u00a0<\/em>(2019) un \u00e9v\u00e9nement unique qui se tient quatre fois par si\u00e8cle \u00e0 Vevey (Suisse). En 2015-2016 elle est co-auteure de <em>Luzia\u00a0<\/em>pour le Cirque du Soleil et elle cr\u00e9atrice de projet pour <em>Per te\u00a0<\/em>(2016). Daniele et la Compagnia Finzi Pasca consacrent ce spectacle \u00e0 sa m\u00e9moire. Sa derni\u00e8re pr\u00e9cieuse contribution a \u00e9t\u00e9 pour Montr\u00e9al Avudo, un hommage po\u00e9tique \u00e0 sa ville natale, Montr\u00e9al, pour son 375<sup>\u00e8me\u00a0<\/sup>anniversaire (2017). Un spectacle de grand succ\u00e8s dont la premi\u00e8re a eu lieu peu apr\u00e8s son d\u00e9c\u00e8s.<\/p>\n<p>Les spectacles\u00a0<em>Nomade\u00a0<\/em>et\u00a0<em>Rain<\/em>\u00a0(\u00e9crits et mis en sc\u00e8ne par Daniele pour Cirque \u00c9loize,\u00a0en 2002 et 2004) pour lesquels Julie est productrice\u00a0et directrice\u00a0de cr\u00e9ation re\u00e7oivent des cons\u00e9crations prestigieuses\u00a0:\u00a0le prix comme \u201cMeilleur DVD de spectacle\u201d\u00a0et 2 nominations aux Gemini Awards (Canada) en 2005\u00a0pour\u00a0<em>Nomade\u00a0;\u00a0<\/em>une nomination<em>\u00a0<\/em>\u00a0comme \u201cBest Touring Production of the Year Theatre Award\u201d en Grand-Bretagne en\u00a02005\u00a0et une autre nomination comme\u00a0\u201cMeilleur spectacle\u201d au Broadway Drama Desk Award en\u00a02006\u00a0pour\u00a0<em>Rain<\/em>.[\/vc_column_text][\/vc_column][\/vc_row]<\/p>\n<\/div>","protected":false},"excerpt":{"rendered":"<p>[vc_row][vc_column][vc_column_text] Julie Hamelin Finzi, Co-founder of Compagnia Finzi Pasca\u00a0(Montr\u00e9al, Canada 1972 \u2013 Lugano, Suisse 2016) Conceptrice, auteure, directrice de cr\u00e9ation, productrice et d\u00e9veloppement international Ch\u00e8res amies, chers amis, C\u2019est avec une immense tristesse que nous vous faisons part du d\u00e9part de notre ch\u00e8re Julie le matin du 14 mai \u00e0 Lugano. Nous tenons \u00e0 vous remercier tous pour vos pri\u00e8res et vos v\u0153ux de r\u00e9tablissement, votre appui et tout l\u2019amour manifest\u00e9 \u00e0 elle et \u00e0 Daniele toujours mais plus pr\u00e9cis\u00e9ment pendant cette derni\u00e8re ann\u00e9e. Toute cette belle \u00e9nergie accompagne notre ch\u00e8re Julie dans son voyage et remplit le coeur de Daniele. Julie Hamelin Finzi a cumul\u00e9 plus de 20 ans d\u2019exp\u00e9rience dans le monde du cirque contemporain et des arts de la sc\u00e8ne. \u00c0 l\u2019\u00e2ge de 21 ans, elle est cofondatrice du Cirque \u00c9loize (compagnie phare du nouveau cirque \u00e9tablie \u00e0 Montr\u00e9al, au Canada), tout en achevant de pr\u00e9senter plusieurs de ses productions sur les plus grandes sc\u00e8nes du monde. En 2001, elle fait la rencontre de Daniele Finzi Pasca et ceci marque le d\u00e9but d\u2019une longue et intense collaboration personnelle et artistique. En 2006, elle fait partie du groupe de mise en sc\u00e8ne pour la conception de la C\u00e9r\u00e9monie [&hellip;]<\/p>\n","protected":false},"author":80,"featured_media":0,"parent":52,"menu_order":15,"comment_status":"open","ping_status":"open","template":"","meta":{"_acf_changed":false,"footnotes":""},"class_list":["post-728","page","type-page","status-publish","hentry"],"acf":[],"_links":{"self":[{"href":"https:\/\/finzipasca.com\/fr\/wp-json\/wp\/v2\/pages\/728","targetHints":{"allow":["GET"]}}],"collection":[{"href":"https:\/\/finzipasca.com\/fr\/wp-json\/wp\/v2\/pages"}],"about":[{"href":"https:\/\/finzipasca.com\/fr\/wp-json\/wp\/v2\/types\/page"}],"author":[{"embeddable":true,"href":"https:\/\/finzipasca.com\/fr\/wp-json\/wp\/v2\/users\/80"}],"replies":[{"embeddable":true,"href":"https:\/\/finzipasca.com\/fr\/wp-json\/wp\/v2\/comments?post=728"}],"version-history":[{"count":0,"href":"https:\/\/finzipasca.com\/fr\/wp-json\/wp\/v2\/pages\/728\/revisions"}],"up":[{"embeddable":true,"href":"https:\/\/finzipasca.com\/fr\/wp-json\/wp\/v2\/pages\/52"}],"wp:attachment":[{"href":"https:\/\/finzipasca.com\/fr\/wp-json\/wp\/v2\/media?parent=728"}],"curies":[{"name":"wp","href":"https:\/\/api.w.org\/{rel}","templated":true}]}}